{"id":62,"date":"2022-12-09T16:16:05","date_gmt":"2022-12-09T15:16:05","guid":{"rendered":"http:\/\/innyslask.pl\/?page_id=62"},"modified":"2024-12-08T20:12:26","modified_gmt":"2024-12-08T19:12:26","slug":"komis","status":"publish","type":"page","link":"https:\/\/innyslask.pl\/?page_id=62","title":{"rendered":"Komis"},"content":{"rendered":"\n<p class=\"has-medium-font-size\">Poza czasowymi wystawami,  galeria posiada w osobnej sali komis prac na sprzeda\u017c. Zapraszamy do zapoznania si\u0119 z aktualn\u0105 ofert\u0105 i odwiedzin Galerii. <\/p>\n\n\n\n<figure class=\"wp-block-gallery alignfull has-nested-images columns-default is-cropped wp-block-gallery-1 is-layout-flex wp-block-gallery-is-layout-flex\">\n<figure class=\"wp-block-image size-large\"><img loading=\"lazy\" decoding=\"async\" width=\"1024\" height=\"576\" data-id=\"73\" src=\"https:\/\/innyslask.pl\/wp-content\/uploads\/2022\/12\/z28650298IEGGaleria-Sztuki-Inny-Slask-w-Tarnowskich-Gorach-1024x576.jpeg\" alt=\"\" class=\"wp-image-73\" srcset=\"https:\/\/innyslask.pl\/wp-content\/uploads\/2022\/12\/z28650298IEGGaleria-Sztuki-Inny-Slask-w-Tarnowskich-Gorach-1024x576.jpeg 1024w, https:\/\/innyslask.pl\/wp-content\/uploads\/2022\/12\/z28650298IEGGaleria-Sztuki-Inny-Slask-w-Tarnowskich-Gorach-300x169.jpeg 300w, https:\/\/innyslask.pl\/wp-content\/uploads\/2022\/12\/z28650298IEGGaleria-Sztuki-Inny-Slask-w-Tarnowskich-Gorach-768x432.jpeg 768w, https:\/\/innyslask.pl\/wp-content\/uploads\/2022\/12\/z28650298IEGGaleria-Sztuki-Inny-Slask-w-Tarnowskich-Gorach.jpeg 1200w\" sizes=\"auto, (max-width: 1024px) 100vw, 1024px\" \/><\/figure>\n\n\n\n<figure class=\"wp-block-image size-large\"><img loading=\"lazy\" decoding=\"async\" width=\"1024\" height=\"769\" data-id=\"91\" src=\"https:\/\/innyslask.pl\/wp-content\/uploads\/2022\/12\/z28650296IHObrazy-w-Galerii-Sztuki-Inny-Slask-w-Tarnowskich-G.jpeg\" alt=\"\" class=\"wp-image-91\" srcset=\"https:\/\/innyslask.pl\/wp-content\/uploads\/2022\/12\/z28650296IHObrazy-w-Galerii-Sztuki-Inny-Slask-w-Tarnowskich-G.jpeg 1024w, https:\/\/innyslask.pl\/wp-content\/uploads\/2022\/12\/z28650296IHObrazy-w-Galerii-Sztuki-Inny-Slask-w-Tarnowskich-G-300x225.jpeg 300w, https:\/\/innyslask.pl\/wp-content\/uploads\/2022\/12\/z28650296IHObrazy-w-Galerii-Sztuki-Inny-Slask-w-Tarnowskich-G-768x577.jpeg 768w\" sizes=\"auto, (max-width: 1024px) 100vw, 1024px\" \/><\/figure>\n<figcaption class=\"blocks-gallery-caption wp-element-caption\">Fot. Tomasz Pietrzyk \/ Agencja Wyborcza.pl<\/figcaption><\/figure>\n\n\n\n<figure class=\"wp-block-gallery alignwide has-nested-images columns-1 is-cropped wp-block-gallery-2 is-layout-flex wp-block-gallery-is-layout-flex\">\n<figure class=\"wp-block-image size-full has-custom-border\"><img loading=\"lazy\" decoding=\"async\" width=\"2516\" height=\"2560\" data-id=\"129\" src=\"https:\/\/innyslask.pl\/wp-content\/uploads\/2023\/01\/Furgalinski-2-scaled.jpg\" alt=\"Joanna Furgali\u0144ska &quot;Zaproszenie&quot;, olej na p\u0142ycie, 30 x 30 cm, cena: 2000 z\u0142\" class=\"has-border-color has-base-border-color wp-image-129\" style=\"border-width:20px;border-radius:0px\" srcset=\"https:\/\/innyslask.pl\/wp-content\/uploads\/2023\/01\/Furgalinski-2-scaled.jpg 2516w, https:\/\/innyslask.pl\/wp-content\/uploads\/2023\/01\/Furgalinski-2-295x300.jpg 295w, https:\/\/innyslask.pl\/wp-content\/uploads\/2023\/01\/Furgalinski-2-1007x1024.jpg 1007w, https:\/\/innyslask.pl\/wp-content\/uploads\/2023\/01\/Furgalinski-2-768x781.jpg 768w, https:\/\/innyslask.pl\/wp-content\/uploads\/2023\/01\/Furgalinski-2-1510x1536.jpg 1510w, https:\/\/innyslask.pl\/wp-content\/uploads\/2023\/01\/Furgalinski-2-2013x2048.jpg 2013w\" sizes=\"auto, (max-width: 2516px) 100vw, 2516px\" \/><figcaption class=\"wp-element-caption\">Joanna Furgali\u0144ska &#8220;Zaproszenie&#8221;, olej na p\u0142ycie, 30 x 30 cm, cena: 2000 z\u0142<\/figcaption><\/figure>\n\n\n\n<figure class=\"wp-block-image size-large has-custom-border\"><img loading=\"lazy\" decoding=\"async\" width=\"1024\" height=\"810\" data-id=\"130\" src=\"https:\/\/innyslask.pl\/wp-content\/uploads\/2023\/01\/Furgalinski-1024x810.jpg\" alt=\"Joanna Furgali\u0144ska &quot;Chlywiki&quot;, olej na p\u0142ycie, 20 x 30 cm, cena: 2000 z\u0142\" class=\"has-border-color has-base-border-color wp-image-130\" style=\"border-width:20px\" srcset=\"https:\/\/innyslask.pl\/wp-content\/uploads\/2023\/01\/Furgalinski-1024x810.jpg 1024w, https:\/\/innyslask.pl\/wp-content\/uploads\/2023\/01\/Furgalinski-300x237.jpg 300w, https:\/\/innyslask.pl\/wp-content\/uploads\/2023\/01\/Furgalinski-768x608.jpg 768w, https:\/\/innyslask.pl\/wp-content\/uploads\/2023\/01\/Furgalinski-1536x1215.jpg 1536w, https:\/\/innyslask.pl\/wp-content\/uploads\/2023\/01\/Furgalinski-2048x1620.jpg 2048w\" sizes=\"auto, (max-width: 1024px) 100vw, 1024px\" \/><figcaption class=\"wp-element-caption\">Joanna Furgali\u0144ska &#8220;Chlywiki&#8221;, olej na p\u0142ycie, 20 x 30 cm, cena: 2000 z\u0142<\/figcaption><\/figure>\n\n\n\n<figure class=\"wp-block-image size-large has-custom-border\"><img loading=\"lazy\" decoding=\"async\" width=\"737\" height=\"1024\" data-id=\"124\" src=\"https:\/\/innyslask.pl\/wp-content\/uploads\/2023\/01\/Dave-duzy-obraz-czerwony-scaled-e1672948165702-737x1024.jpg\" alt=\"David Grant - Tryptyk &quot;Niebieski, \u017c\u00f3\u0142ty, czerwony&quot; - trzy prace 100 x 70 cm, technika mieszana - ca\u0142o\u015b\u0107 4000 z\u0142, pojedyncze segmenty 1500 z\u0142\" class=\"has-border-color has-base-border-color wp-image-124\" style=\"border-width:20px\" srcset=\"https:\/\/innyslask.pl\/wp-content\/uploads\/2023\/01\/Dave-duzy-obraz-czerwony-scaled-e1672948165702-737x1024.jpg 737w, https:\/\/innyslask.pl\/wp-content\/uploads\/2023\/01\/Dave-duzy-obraz-czerwony-scaled-e1672948165702-216x300.jpg 216w, https:\/\/innyslask.pl\/wp-content\/uploads\/2023\/01\/Dave-duzy-obraz-czerwony-scaled-e1672948165702-768x1067.jpg 768w, https:\/\/innyslask.pl\/wp-content\/uploads\/2023\/01\/Dave-duzy-obraz-czerwony-scaled-e1672948165702-1105x1536.jpg 1105w, https:\/\/innyslask.pl\/wp-content\/uploads\/2023\/01\/Dave-duzy-obraz-czerwony-scaled-e1672948165702-1474x2048.jpg 1474w, https:\/\/innyslask.pl\/wp-content\/uploads\/2023\/01\/Dave-duzy-obraz-czerwony-scaled-e1672948165702.jpg 1842w\" sizes=\"auto, (max-width: 737px) 100vw, 737px\" \/><figcaption class=\"wp-element-caption\">David Grant &#8211; Tryptyk &#8220;Niebieski, \u017c\u00f3\u0142ty, czerwony&#8221; &#8211; trzy prace 100 x 70 cm, technika mieszana &#8211; ca\u0142o\u015b\u0107 4000 z\u0142, pojedyncze segmenty 1500 z\u0142<\/figcaption><\/figure>\n\n\n\n<figure class=\"wp-block-image size-large has-custom-border\"><img loading=\"lazy\" decoding=\"async\" width=\"750\" height=\"1024\" data-id=\"125\" src=\"https:\/\/innyslask.pl\/wp-content\/uploads\/2023\/01\/Dave-duzy-obraz-zolty-750x1024.jpg\" alt=\"David Grant - Tryptyk &quot;Niebieski, \u017c\u00f3\u0142ty, czerwony&quot; - trzy prace 100 x 70 cm, technika mieszana - ca\u0142o\u015b\u0107 4000 z\u0142, pojedyncze segmenty 1500 z\u0142\" class=\"has-border-color has-base-border-color wp-image-125\" style=\"border-width:20px\" srcset=\"https:\/\/innyslask.pl\/wp-content\/uploads\/2023\/01\/Dave-duzy-obraz-zolty-750x1024.jpg 750w, https:\/\/innyslask.pl\/wp-content\/uploads\/2023\/01\/Dave-duzy-obraz-zolty-220x300.jpg 220w, https:\/\/innyslask.pl\/wp-content\/uploads\/2023\/01\/Dave-duzy-obraz-zolty-768x1048.jpg 768w, https:\/\/innyslask.pl\/wp-content\/uploads\/2023\/01\/Dave-duzy-obraz-zolty-1125x1536.jpg 1125w, https:\/\/innyslask.pl\/wp-content\/uploads\/2023\/01\/Dave-duzy-obraz-zolty-1501x2048.jpg 1501w, https:\/\/innyslask.pl\/wp-content\/uploads\/2023\/01\/Dave-duzy-obraz-zolty-scaled.jpg 1876w\" sizes=\"auto, (max-width: 750px) 100vw, 750px\" \/><figcaption class=\"wp-element-caption\">David Grant &#8211; Tryptyk &#8220;Niebieski, \u017c\u00f3\u0142ty, czerwony&#8221; &#8211; trzy prace 100 x 70 cm, technika mieszana &#8211; ca\u0142o\u015b\u0107 4000 z\u0142, pojedyncze segmenty 1500 z\u0142<\/figcaption><\/figure>\n\n\n\n<figure class=\"wp-block-image size-large has-custom-border\"><img loading=\"lazy\" decoding=\"async\" width=\"1024\" height=\"491\" data-id=\"126\" src=\"https:\/\/innyslask.pl\/wp-content\/uploads\/2023\/01\/Dave-maly-obraz-1024x491.jpg\" alt=\"David Grant, &quot;Bez tytu\u0142u&quot;, akryl na p\u0142\u00f3tnie, 40 x 80 cm, cena 900 z\u0142\" class=\"has-border-color has-base-border-color wp-image-126\" style=\"border-width:20px\" srcset=\"https:\/\/innyslask.pl\/wp-content\/uploads\/2023\/01\/Dave-maly-obraz-1024x491.jpg 1024w, https:\/\/innyslask.pl\/wp-content\/uploads\/2023\/01\/Dave-maly-obraz-300x144.jpg 300w, https:\/\/innyslask.pl\/wp-content\/uploads\/2023\/01\/Dave-maly-obraz-768x369.jpg 768w, https:\/\/innyslask.pl\/wp-content\/uploads\/2023\/01\/Dave-maly-obraz-1536x737.jpg 1536w, https:\/\/innyslask.pl\/wp-content\/uploads\/2023\/01\/Dave-maly-obraz-2048x983.jpg 2048w\" sizes=\"auto, (max-width: 1024px) 100vw, 1024px\" \/><figcaption class=\"wp-element-caption\">David Grant, &#8220;Bez tytu\u0142u&#8221;, akryl na p\u0142\u00f3tnie, 40 x 80 cm, cena 900 z\u0142<\/figcaption><\/figure>\n\n\n\n<figure class=\"wp-block-image size-large has-custom-border\"><img loading=\"lazy\" decoding=\"async\" width=\"1024\" height=\"663\" data-id=\"132\" src=\"https:\/\/innyslask.pl\/wp-content\/uploads\/2023\/01\/Hlavaty-1024x663.jpg\" alt=\"Pavel Hlavaty - 5 grafik oprawionych (akwaforta, akwatinta) z cyklu &quot;Mity Greckie&quot; - ka\u017cda 670 z\u0142\" class=\"has-border-color has-base-border-color wp-image-132\" style=\"border-width:20px\" srcset=\"https:\/\/innyslask.pl\/wp-content\/uploads\/2023\/01\/Hlavaty-1024x663.jpg 1024w, https:\/\/innyslask.pl\/wp-content\/uploads\/2023\/01\/Hlavaty-300x194.jpg 300w, https:\/\/innyslask.pl\/wp-content\/uploads\/2023\/01\/Hlavaty-768x497.jpg 768w, https:\/\/innyslask.pl\/wp-content\/uploads\/2023\/01\/Hlavaty-1536x994.jpg 1536w, https:\/\/innyslask.pl\/wp-content\/uploads\/2023\/01\/Hlavaty-2048x1325.jpg 2048w\" sizes=\"auto, (max-width: 1024px) 100vw, 1024px\" \/><figcaption class=\"wp-element-caption\">Pavel Hlavaty &#8211; 5 grafik oprawionych (akwaforta, akwatinta) z cyklu &#8220;Mity Greckie&#8221; &#8211; ka\u017cda 670 z\u0142<\/figcaption><\/figure>\n\n\n\n<figure class=\"wp-block-image size-large has-custom-border\"><img loading=\"lazy\" decoding=\"async\" width=\"576\" height=\"1024\" data-id=\"133\" src=\"https:\/\/innyslask.pl\/wp-content\/uploads\/2023\/01\/Inglot-576x1024.jpg\" alt=\"Edward Inglot, &quot;Powr\u00f3t z sianokos\u00f3w&quot;, tempera na p\u0142ycie, 150 x 70 cm, oprawiony 3000 z\u0142\" class=\"has-border-color has-base-border-color wp-image-133\" style=\"border-width:20px\" srcset=\"https:\/\/innyslask.pl\/wp-content\/uploads\/2023\/01\/Inglot-576x1024.jpg 576w, https:\/\/innyslask.pl\/wp-content\/uploads\/2023\/01\/Inglot-169x300.jpg 169w, https:\/\/innyslask.pl\/wp-content\/uploads\/2023\/01\/Inglot-768x1366.jpg 768w, https:\/\/innyslask.pl\/wp-content\/uploads\/2023\/01\/Inglot-863x1536.jpg 863w, https:\/\/innyslask.pl\/wp-content\/uploads\/2023\/01\/Inglot-1151x2048.jpg 1151w, https:\/\/innyslask.pl\/wp-content\/uploads\/2023\/01\/Inglot-scaled.jpg 1439w\" sizes=\"auto, (max-width: 576px) 100vw, 576px\" \/><figcaption class=\"wp-element-caption\">Edward Inglot, &#8220;Powr\u00f3t z sianokos\u00f3w&#8221;, tempera na p\u0142ycie, 150 x 70 cm, oprawiony 3000 z\u0142<\/figcaption><\/figure>\n\n\n\n<figure class=\"wp-block-image size-large has-custom-border\"><img loading=\"lazy\" decoding=\"async\" width=\"1024\" height=\"768\" data-id=\"141\" src=\"https:\/\/innyslask.pl\/wp-content\/uploads\/2023\/01\/Robert-Krezlak-bez-tytulu-plotnoakryl-80x120-cm-2018-cena-1300-zl-1024x768.jpeg\" alt=\"Robert Kr\u0119\u017clak, bez tytu\u0142u, p\u0142\u00f3tno\/akryl, 80x120 cm, 2018, cena 2000 z\u0142\" class=\"has-border-color has-base-border-color wp-image-141\" style=\"border-width:20px\" srcset=\"https:\/\/innyslask.pl\/wp-content\/uploads\/2023\/01\/Robert-Krezlak-bez-tytulu-plotnoakryl-80x120-cm-2018-cena-1300-zl-1024x768.jpeg 1024w, https:\/\/innyslask.pl\/wp-content\/uploads\/2023\/01\/Robert-Krezlak-bez-tytulu-plotnoakryl-80x120-cm-2018-cena-1300-zl-300x225.jpeg 300w, https:\/\/innyslask.pl\/wp-content\/uploads\/2023\/01\/Robert-Krezlak-bez-tytulu-plotnoakryl-80x120-cm-2018-cena-1300-zl-768x576.jpeg 768w, https:\/\/innyslask.pl\/wp-content\/uploads\/2023\/01\/Robert-Krezlak-bez-tytulu-plotnoakryl-80x120-cm-2018-cena-1300-zl-1536x1152.jpeg 1536w, https:\/\/innyslask.pl\/wp-content\/uploads\/2023\/01\/Robert-Krezlak-bez-tytulu-plotnoakryl-80x120-cm-2018-cena-1300-zl.jpeg 1600w\" sizes=\"auto, (max-width: 1024px) 100vw, 1024px\" \/><figcaption class=\"wp-element-caption\">Robert Kr\u0119\u017clak, bez tytu\u0142u, p\u0142\u00f3tno\/akryl, 80&#215;120 cm, 2018, cena 2000 z\u0142<\/figcaption><\/figure>\n\n\n\n<figure class=\"wp-block-image size-large has-custom-border\"><img loading=\"lazy\" decoding=\"async\" width=\"1024\" height=\"863\" data-id=\"128\" src=\"https:\/\/innyslask.pl\/wp-content\/uploads\/2023\/01\/Fraczek-2-1024x863.jpg\" alt=\"Bartosz Fr\u0105czek, \u017bona pilota, akryl, p\u0142\u00f3tno, 50x 60 cm, 2000 z\u0142\" class=\"has-border-color has-base-border-color wp-image-128\" style=\"border-width:20px\" srcset=\"https:\/\/innyslask.pl\/wp-content\/uploads\/2023\/01\/Fraczek-2-1024x863.jpg 1024w, https:\/\/innyslask.pl\/wp-content\/uploads\/2023\/01\/Fraczek-2-300x253.jpg 300w, https:\/\/innyslask.pl\/wp-content\/uploads\/2023\/01\/Fraczek-2-768x648.jpg 768w, https:\/\/innyslask.pl\/wp-content\/uploads\/2023\/01\/Fraczek-2-1536x1295.jpg 1536w, https:\/\/innyslask.pl\/wp-content\/uploads\/2023\/01\/Fraczek-2-2048x1727.jpg 2048w\" sizes=\"auto, (max-width: 1024px) 100vw, 1024px\" \/><figcaption class=\"wp-element-caption\">Bartosz Fr\u0105czek, \u017bona pilota, akryl, p\u0142\u00f3tno, 50x 60 cm, 2000 z\u0142<\/figcaption><\/figure>\n\n\n\n<figure class=\"wp-block-image size-large has-custom-border\"><img loading=\"lazy\" decoding=\"async\" width=\"768\" height=\"1024\" data-id=\"136\" src=\"https:\/\/innyslask.pl\/wp-content\/uploads\/2023\/01\/Ewa-Goral-Rafa-768x1024.jpeg\" alt=\"Ewa Goral, Rafa Koralowa I, olej na p\u0142\u00f3tnie, 50 x 40 cm, 1200 z\u0142\" class=\"has-border-color has-base-border-color wp-image-136\" style=\"border-width:20px\" srcset=\"https:\/\/innyslask.pl\/wp-content\/uploads\/2023\/01\/Ewa-Goral-Rafa-768x1024.jpeg 768w, https:\/\/innyslask.pl\/wp-content\/uploads\/2023\/01\/Ewa-Goral-Rafa-225x300.jpeg 225w, https:\/\/innyslask.pl\/wp-content\/uploads\/2023\/01\/Ewa-Goral-Rafa-1152x1536.jpeg 1152w, https:\/\/innyslask.pl\/wp-content\/uploads\/2023\/01\/Ewa-Goral-Rafa.jpeg 1296w\" sizes=\"auto, (max-width: 768px) 100vw, 768px\" \/><figcaption class=\"wp-element-caption\">Ewa Goral, Rafa Koralowa I, olej na p\u0142\u00f3tnie, 50 x 40 cm, 1200 z\u0142<\/figcaption><\/figure>\n\n\n\n<figure class=\"wp-block-image size-large has-custom-border\"><img loading=\"lazy\" decoding=\"async\" width=\"1024\" height=\"768\" data-id=\"138\" src=\"https:\/\/innyslask.pl\/wp-content\/uploads\/2023\/01\/Osa-1024x768.jpeg\" alt=\"Anna Osadnik &quot;Barany...&quot;, akryl, p\u0142\u00f3tno, 50 x 70 cm. Cena 2000 z\u0142.\" class=\"has-border-color has-base-border-color wp-image-138\" style=\"border-width:20px\" srcset=\"https:\/\/innyslask.pl\/wp-content\/uploads\/2023\/01\/Osa-1024x768.jpeg 1024w, https:\/\/innyslask.pl\/wp-content\/uploads\/2023\/01\/Osa-300x225.jpeg 300w, https:\/\/innyslask.pl\/wp-content\/uploads\/2023\/01\/Osa-768x576.jpeg 768w, https:\/\/innyslask.pl\/wp-content\/uploads\/2023\/01\/Osa-1536x1152.jpeg 1536w, https:\/\/innyslask.pl\/wp-content\/uploads\/2023\/01\/Osa.jpeg 2048w\" sizes=\"auto, (max-width: 1024px) 100vw, 1024px\" \/><figcaption class=\"wp-element-caption\">Anna Osadnik &#8220;Barany&#8230;&#8221;, akryl, p\u0142\u00f3tno, 50 x 70 cm. Cena 2000 z\u0142.<\/figcaption><\/figure>\n\n\n\n<figure class=\"wp-block-image size-large\"><img loading=\"lazy\" decoding=\"async\" width=\"768\" height=\"1024\" data-id=\"339\" src=\"https:\/\/innyslask.pl\/wp-content\/uploads\/2024\/12\/WhatsApp-Image-2024-12-08-at-19.18.07-1-768x1024.jpeg\" alt=\"\" class=\"wp-image-339\" srcset=\"https:\/\/innyslask.pl\/wp-content\/uploads\/2024\/12\/WhatsApp-Image-2024-12-08-at-19.18.07-1-768x1024.jpeg 768w, https:\/\/innyslask.pl\/wp-content\/uploads\/2024\/12\/WhatsApp-Image-2024-12-08-at-19.18.07-1-225x300.jpeg 225w, https:\/\/innyslask.pl\/wp-content\/uploads\/2024\/12\/WhatsApp-Image-2024-12-08-at-19.18.07-1-1152x1536.jpeg 1152w, https:\/\/innyslask.pl\/wp-content\/uploads\/2024\/12\/WhatsApp-Image-2024-12-08-at-19.18.07-1.jpeg 1536w\" sizes=\"auto, (max-width: 768px) 100vw, 768px\" \/><figcaption class=\"wp-element-caption\">Maciej Gryglaszewski, &#8220;ZIMA&#8221; 1993, olej na p\u0142\u00f3tnie, 82&#215;66 cm. <br>Cena 3000 z\u0142<\/figcaption><\/figure>\n\n\n\n<figure class=\"wp-block-image size-large\"><img loading=\"lazy\" decoding=\"async\" width=\"1366\" height=\"1821\" data-id=\"342\" src=\"https:\/\/innyslask.pl\/wp-content\/uploads\/2024\/12\/WhatsApp-Image-2024-12-08-at-19.18.07-2-edited.jpeg\" alt=\"\" class=\"wp-image-342\" srcset=\"https:\/\/innyslask.pl\/wp-content\/uploads\/2024\/12\/WhatsApp-Image-2024-12-08-at-19.18.07-2-edited.jpeg 1366w, https:\/\/innyslask.pl\/wp-content\/uploads\/2024\/12\/WhatsApp-Image-2024-12-08-at-19.18.07-2-edited-225x300.jpeg 225w, https:\/\/innyslask.pl\/wp-content\/uploads\/2024\/12\/WhatsApp-Image-2024-12-08-at-19.18.07-2-edited-768x1024.jpeg 768w, https:\/\/innyslask.pl\/wp-content\/uploads\/2024\/12\/WhatsApp-Image-2024-12-08-at-19.18.07-2-edited-1152x1536.jpeg 1152w\" sizes=\"auto, (max-width: 1366px) 100vw, 1366px\" \/><figcaption class=\"wp-element-caption\">Maciej Gryglaszewski, &#8220;JESIE\u0143&#8221; 1993, olej na p\u0142\u00f3tnie, 82&#215;66 cm. <br>Cena 3000 z\u0142<\/figcaption><\/figure>\n\n\n\n<figure class=\"wp-block-image size-large\"><img loading=\"lazy\" decoding=\"async\" width=\"1394\" height=\"1858\" data-id=\"343\" src=\"https:\/\/innyslask.pl\/wp-content\/uploads\/2024\/12\/WhatsApp-Image-2024-12-08-at-19.18.07-3-edited.jpeg\" alt=\"\" class=\"wp-image-343\" srcset=\"https:\/\/innyslask.pl\/wp-content\/uploads\/2024\/12\/WhatsApp-Image-2024-12-08-at-19.18.07-3-edited.jpeg 1394w, https:\/\/innyslask.pl\/wp-content\/uploads\/2024\/12\/WhatsApp-Image-2024-12-08-at-19.18.07-3-edited-225x300.jpeg 225w, https:\/\/innyslask.pl\/wp-content\/uploads\/2024\/12\/WhatsApp-Image-2024-12-08-at-19.18.07-3-edited-768x1024.jpeg 768w, https:\/\/innyslask.pl\/wp-content\/uploads\/2024\/12\/WhatsApp-Image-2024-12-08-at-19.18.07-3-edited-1152x1536.jpeg 1152w\" sizes=\"auto, (max-width: 1394px) 100vw, 1394px\" \/><figcaption class=\"wp-element-caption\">Maciej Gryglaszewski, &#8220;LATO&#8221; 1993, olej na p\u0142\u00f3tnie, 82&#215;66 cm. <br>Cena 3000 z\u0142<\/figcaption><\/figure>\n\n\n\n<figure class=\"wp-block-image size-large\"><img loading=\"lazy\" decoding=\"async\" width=\"1279\" height=\"1706\" data-id=\"345\" src=\"https:\/\/innyslask.pl\/wp-content\/uploads\/2024\/12\/WhatsApp-Image-2024-12-08-at-19.18.07-edited-1.jpeg\" alt=\"\" class=\"wp-image-345\" srcset=\"https:\/\/innyslask.pl\/wp-content\/uploads\/2024\/12\/WhatsApp-Image-2024-12-08-at-19.18.07-edited-1.jpeg 1279w, https:\/\/innyslask.pl\/wp-content\/uploads\/2024\/12\/WhatsApp-Image-2024-12-08-at-19.18.07-edited-1-225x300.jpeg 225w, https:\/\/innyslask.pl\/wp-content\/uploads\/2024\/12\/WhatsApp-Image-2024-12-08-at-19.18.07-edited-1-768x1024.jpeg 768w, https:\/\/innyslask.pl\/wp-content\/uploads\/2024\/12\/WhatsApp-Image-2024-12-08-at-19.18.07-edited-1-1152x1536.jpeg 1152w\" sizes=\"auto, (max-width: 1279px) 100vw, 1279px\" \/><figcaption class=\"wp-element-caption\"><strong>Maciej Gryglaszewski, &#8220;WIOSNA&#8221; 1993, olej na p\u0142\u00f3tnie, 82&#215;66 cm. <br>Cena 3000 z\u0142<\/strong><\/figcaption><\/figure>\n<\/figure>\n\n\n\n<figure class=\"wp-block-image size-large\"><img loading=\"lazy\" decoding=\"async\" width=\"1247\" height=\"1662\" src=\"https:\/\/innyslask.pl\/wp-content\/uploads\/2024\/12\/WhatsApp-Image-2024-12-08-at-19.18.13-1-edited.jpeg\" alt=\"\" class=\"wp-image-347\" srcset=\"https:\/\/innyslask.pl\/wp-content\/uploads\/2024\/12\/WhatsApp-Image-2024-12-08-at-19.18.13-1-edited.jpeg 1247w, https:\/\/innyslask.pl\/wp-content\/uploads\/2024\/12\/WhatsApp-Image-2024-12-08-at-19.18.13-1-edited-225x300.jpeg 225w, https:\/\/innyslask.pl\/wp-content\/uploads\/2024\/12\/WhatsApp-Image-2024-12-08-at-19.18.13-1-edited-768x1024.jpeg 768w, https:\/\/innyslask.pl\/wp-content\/uploads\/2024\/12\/WhatsApp-Image-2024-12-08-at-19.18.13-1-edited-1152x1536.jpeg 1152w\" sizes=\"auto, (max-width: 1247px) 100vw, 1247px\" \/><figcaption class=\"wp-element-caption\">Maciej Gryglaszewski, &#8220;Cztery pory roku&#8221; 1993, olej na p\u0142\u00f3tnie, 82&#215;66 cm. Cena za komplet 4 prac &#8211; 10 000 z\u0142.<\/figcaption><\/figure>\n\n\n\n<figure class=\"wp-block-image size-large\"><img loading=\"lazy\" decoding=\"async\" width=\"1376\" height=\"1834\" src=\"https:\/\/innyslask.pl\/wp-content\/uploads\/2024\/12\/Image-edited.png\" alt=\"\" class=\"wp-image-350\" srcset=\"https:\/\/innyslask.pl\/wp-content\/uploads\/2024\/12\/Image-edited.png 1376w, https:\/\/innyslask.pl\/wp-content\/uploads\/2024\/12\/Image-edited-225x300.png 225w, https:\/\/innyslask.pl\/wp-content\/uploads\/2024\/12\/Image-edited-768x1024.png 768w, https:\/\/innyslask.pl\/wp-content\/uploads\/2024\/12\/Image-edited-1152x1536.png 1152w\" sizes=\"auto, (max-width: 1376px) 100vw, 1376px\" \/><figcaption class=\"wp-element-caption\">Jan Sawka: <br>&#8220;Banner 1&#8221;, grafika, 35&#215;29 cm, 1997, 5000 z\u0142<br>&#8220;Cyc nad miastem&#8221;, grafika, 48&#215;38 cm, 2000 z\u0142<br>&#8220;Zabrze&#8221;, plakat, offset 1996.<br><\/figcaption><\/figure>\n\n\n\n<figure class=\"wp-block-image alignwide size-large\"><img loading=\"lazy\" decoding=\"async\" width=\"1126\" height=\"1501\" src=\"https:\/\/innyslask.pl\/wp-content\/uploads\/2024\/12\/WhatsApp-Image-2024-12-08-at-19.18.09-edited.jpeg\" alt=\"\" class=\"wp-image-352\" srcset=\"https:\/\/innyslask.pl\/wp-content\/uploads\/2024\/12\/WhatsApp-Image-2024-12-08-at-19.18.09-edited.jpeg 1126w, https:\/\/innyslask.pl\/wp-content\/uploads\/2024\/12\/WhatsApp-Image-2024-12-08-at-19.18.09-edited-225x300.jpeg 225w, https:\/\/innyslask.pl\/wp-content\/uploads\/2024\/12\/WhatsApp-Image-2024-12-08-at-19.18.09-edited-768x1024.jpeg 768w\" sizes=\"auto, (max-width: 1126px) 100vw, 1126px\" \/><figcaption class=\"wp-element-caption\">Bartosz Fr\u0105czek &#8220;Tuttenchamon&#8221; , p\u0142\u00f3tno, olej 125&#215;90 cm, 1994 rok, 3500 z\u0142<\/figcaption><\/figure>\n\n\n\n<figure class=\"wp-block-image alignwide size-large\"><img loading=\"lazy\" decoding=\"async\" width=\"768\" height=\"1024\" src=\"https:\/\/innyslask.pl\/wp-content\/uploads\/2024\/12\/WhatsApp-Image-2024-12-08-at-19.18.08-4-768x1024.jpeg\" alt=\"\" class=\"wp-image-353\" srcset=\"https:\/\/innyslask.pl\/wp-content\/uploads\/2024\/12\/WhatsApp-Image-2024-12-08-at-19.18.08-4-768x1024.jpeg 768w, https:\/\/innyslask.pl\/wp-content\/uploads\/2024\/12\/WhatsApp-Image-2024-12-08-at-19.18.08-4-225x300.jpeg 225w, https:\/\/innyslask.pl\/wp-content\/uploads\/2024\/12\/WhatsApp-Image-2024-12-08-at-19.18.08-4-1152x1536.jpeg 1152w, https:\/\/innyslask.pl\/wp-content\/uploads\/2024\/12\/WhatsApp-Image-2024-12-08-at-19.18.08-4.jpeg 1536w\" sizes=\"auto, (max-width: 768px) 100vw, 768px\" \/><figcaption class=\"wp-element-caption\">Janina Janicka-Grabowska: <br>&#8220;Jaskinia&#8221;, olej, p\u0142\u00f3tno 70&#215;100 cm, 2000 z\u0142<br>&#8220;Rozpad II&#8221;, olej, p\u0142\u00f3tno, 100&#215;150 cm, 3000 z\u0142<br><\/figcaption><\/figure>\n\n\n\n<p><\/p>\n","protected":false},"excerpt":{"rendered":"<p>Poza czasowymi wystawami, galeria posiada w osobnej sali komis prac na sprzeda\u017c. Zapraszamy do zapoznania si\u0119 z aktualn\u0105 ofert\u0105 i odwiedzin Galerii.<\/p>\n","protected":false},"author":1,"featured_media":0,"parent":0,"menu_order":0,"comment_status":"closed","ping_status":"closed","template":"","meta":{"om_disable_all_campaigns":false,"_monsterinsights_skip_tracking":false,"_monsterinsights_sitenote_active":false,"_monsterinsights_sitenote_note":"","_monsterinsights_sitenote_category":0,"footnotes":""},"class_list":["post-62","page","type-page","status-publish","hentry"],"aioseo_notices":[],"_links":{"self":[{"href":"https:\/\/innyslask.pl\/index.php?rest_route=\/wp\/v2\/pages\/62","targetHints":{"allow":["GET"]}}],"collection":[{"href":"https:\/\/innyslask.pl\/index.php?rest_route=\/wp\/v2\/pages"}],"about":[{"href":"https:\/\/innyslask.pl\/index.php?rest_route=\/wp\/v2\/types\/page"}],"author":[{"embeddable":true,"href":"https:\/\/innyslask.pl\/index.php?rest_route=\/wp\/v2\/users\/1"}],"replies":[{"embeddable":true,"href":"https:\/\/innyslask.pl\/index.php?rest_route=%2Fwp%2Fv2%2Fcomments&post=62"}],"version-history":[{"count":12,"href":"https:\/\/innyslask.pl\/index.php?rest_route=\/wp\/v2\/pages\/62\/revisions"}],"predecessor-version":[{"id":356,"href":"https:\/\/innyslask.pl\/index.php?rest_route=\/wp\/v2\/pages\/62\/revisions\/356"}],"wp:attachment":[{"href":"https:\/\/innyslask.pl\/index.php?rest_route=%2Fwp%2Fv2%2Fmedia&parent=62"}],"curies":[{"name":"wp","href":"https:\/\/api.w.org\/{rel}","templated":true}]}}